{"id":1113,"date":"2016-11-23T14:54:12","date_gmt":"2016-11-23T13:54:12","guid":{"rendered":"http:\/\/www.joseph-wresinski.org\/fr\/?page_id=1113"},"modified":"2020-10-08T09:20:39","modified_gmt":"2020-10-08T07:20:39","slug":"centre-joseph-wresinski","status":"publish","type":"page","link":"https:\/\/www.joseph-wresinski.org\/fr\/centre-joseph-wresinski\/","title":{"rendered":"Centre de m\u00e9moire et de recherche Joseph Wresinski"},"content":{"rendered":"<h1 class=\"western\">Ecrire l&rsquo;histoire du peuple du Quart Monde<\/h1>\n<blockquote><p>\u00ab Ici, je me sens chez moi \u00bb<\/p><\/blockquote>\n<figure class=\"video-embed\" style=\"width:474px;height:267px;max-width: 100%;\" onclick=\"this.outerHTML='&lt;iframe title=&quot;Centre de M&eacute;moire et de Recherche Joseph Wresinski - ATD Quart Monde&quot; width=&quot;474&quot; height=&quot;267&quot; src=&quot;https:\/\/www.youtube.com\/embed\/Nlo5Sbwn2OU?feature=oembed&amp;autoplay=1&quot; frameborder=&quot;0&quot; allow=&quot;accelerometer; autoplay; clipboard-write; encrypted-media; gyroscope; picture-in-picture; web-share&quot; referrerpolicy=&quot;strict-origin-when-cross-origin&quot; allowfullscreen&gt;&lt;\/iframe&gt;'\"><img decoding=\"async\" src=\"https:\/\/i.ytimg.com\/vi\/Nlo5Sbwn2OU\/hqdefault.jpg\" title=\"Centre de M\u00e9moire et de Recherche Joseph Wresinski - ATD Quart Monde\" class=\"video-thumbnail\"><img decoding=\"async\" src=\"https:\/\/www.joseph-wresinski.org\/fr\/wp-content\/themes\/ATDJW\/images\/play_video.png\" class=\"video-play\"><figcaption>\n<h1>Play with YouTube<\/h1>\n<p>By clicking the video, you accept that YouTube places cookies on your computer.<\/p>\n<\/figcaption><\/figure>\n<p>Pour \u00e9couter le reportage RFI sur le Centre, <a href=\"http:\/\/www.rfi.fr\/emission\/20200103-coeur-archives-atd-quart-monde\" target=\"_blank\" rel=\"noopener noreferrer\">cliquez ici.<\/a><\/p>\n<h2>Aux sources du Centre de m\u00e9moire et de recherche Joseph Wresinski<\/h2>\n<p>La mis\u00e8re, partout dans le monde, est l\u2019objet d\u2019oubli, voire de d\u00e9ni. Face \u00e0 ce d\u00e9ni Joseph Wresinski, fondateur du Mouvement International ATD Quart Monde, a voulu interpeller la communaut\u00e9 des penseurs, chercheurs, universitaires et dirigeants du monde politique et \u00e9conomique sur la mis\u00e8re. Une communaut\u00e9, qui, \u00e0 ses yeux, oublie trop souvent l\u2019apport de celles et ceux qui font l\u2019exp\u00e9rience quotidienne de cette mis\u00e8re, et de celles et ceux qui sont engag\u00e9s \u00e0 leurs c\u00f4t\u00e9s. Il les a invit\u00e9.e.s \u00e0 remettre la justice et l\u2019humain au c\u0153ur de nos soci\u00e9t\u00e9s et \u00e0 repenser les politiques de lutte contre la pauvret\u00e9, avec toutes les personnes concern\u00e9es, reconnues comme expertes et non comme simples t\u00e9moins.<\/p>\n<p>D\u00e8s l\u2019origine, Joseph Wresinski a pos\u00e9 la volont\u00e9 que tout soit not\u00e9 et document\u00e9, pour garder la trace des engagements et des combats des <a href=\"https:\/\/www.atd-quartmonde.org\/qui-sommes-nous\/nos-membres\/les-militants-quart-monde\/\" target=\"_blank\" rel=\"noopener noreferrer\">militant.e.s<\/a>, <a href=\"https:\/\/www.atd-quartmonde.org\/qui-sommes-nous\/nos-membres\/les-volontaires-permanents\/\" target=\"_blank\" rel=\"noopener noreferrer\">volontaires<\/a> et <a href=\"https:\/\/www.atd-quartmonde.org\/qui-sommes-nous\/nos-membres\/les-allies-et-les-amis\/\" target=\"_blank\" rel=\"noopener noreferrer\">alli\u00e9.e.s<\/a> qui s\u2019engagent pour \u00e9radiquer la mis\u00e8re.<\/p>\n<p>Situ\u00e9 \u00e0 Baillet en France, le Centre de m\u00e9moire et de recherche Joseph Wresinski porte aujourd\u2019hui la volont\u00e9 de collecter, classer, conserver et communiquer un v\u00e9ritable patrimoine d\u2019\u00e9crits, photos, enregistrements sonores, films et cr\u00e9ations artistiques. Ces archives, qui continuent de s\u2019enrichir, constituent les sources d\u2019une histoire du refus de la mis\u00e8re et des combats pour l\u2019\u00e9liminer.<\/p>\n<p>\u00ab <em>Le centre Joseph Wresinski<\/em> \u00bb \u2013 dit un volontaire \u2013 \u00ab\u00a0<em>c\u2019est un des seuls lieux qui garde la m\u00e9moire du combat des plus pauvres contre la mis\u00e8re. Il exprime notre ambition de faire exister les personnes qui vivent en situation d\u2019extr\u00eame pauvret\u00e9 au sein de nos quartiers, de nos villes, de nos pays<\/em>\u00a0\u00bb<\/p>\n<blockquote><p>\u00ab <em>Beaucoup de gens ne nous aiment pas et voudraient qu\u2019on n\u2019ait jamais exist\u00e9; mais l\u00e0, maintenant que j\u2019ai vu le centre, je sais qu\u2019on ne pourra jamais plus nous effacer<\/em> \u00bb (Mariangeles, militante Quart Monde d\u2019Espagne).<\/p><\/blockquote>\n<p><span style=\"color: #00ccff\"><strong><a style=\"color: #00ccff\" href=\"http:\/\/www.joseph-wresinski.org\/fr\/wp-content\/uploads\/sites\/2\/2019\/10\/CJW-Charte-ethique-2019.pdf\" target=\"_blank\" rel=\"noopener noreferrer\">Charte \u00e9thique du Centre de m\u00e9moire et de recherche Joseph Wresinski <\/a><\/strong><\/span><\/p>\n<h2>Le centre Joseph Wresisnki, une universit\u00e9 d\u2019action contre la mis\u00e8re<\/h2>\n<p>En 2018 des centaines de personnes en situation de pauvret\u00e9, d\u2019\u00e9tudiant.e.s, d\u2019actrices et acteurs de terrain, et d\u2019universitaires ont demand\u00e9 \u00e0 consulter les documents conserv\u00e9s au centre. Ces requ\u00eates montrent que plusieurs objectifs se r\u00e9alisent :<\/p>\n<ul>\n<li>Lutter contre l\u2019oubli et le d\u00e9ni de la mis\u00e8re, les id\u00e9es fausses dont elle est l\u2019objet, et mieux faire comprendre les dimensions cach\u00e9es la pauvret\u00e9 d\u2018hier et d\u2019aujourd\u2019hui<\/li>\n<li>Permettre aux diff\u00e9rents acteurs de tirer parti des tr\u00e8s nombreuses actions con\u00e7ues et \u00e9valu\u00e9es avec les populations concern\u00e9es et en tirer toutes les le\u00e7ons pour sortir des cercles vicieux d\u2019actions pens\u00e9es pour les gens ou en leur nom.<\/li>\n<li>Permettre aux chercheuses et chercheurs en histoire, sociologie, sciences politiques, philosophie, m\u00e9decine, \u00e9ducation\u2026 de construire une connaissance et une pens\u00e9e \u00e0 partir de ce qu\u2019ont produit plus de soixante ans de combats et de travaux de recherche d\u2019ATD Quart Monde.<\/li>\n<li>Soutenir la cr\u00e9ation de livres, t\u00e9moignages, fictions, bandes dessin\u00e9es, films, ou expositions qui racontent les engagements forts qui font reculer la mis\u00e8re et donnent envie de les rejoindre.<\/li>\n<\/ul>\n<p>Le P\u00f4le recherche du centre, enracin\u00e9 dans cette histoire, a men\u00e9 et soutenu en 2018 des travaux de connaissance majeurs. La publication des actes du colloque international \u00ab <a href=\"https:\/\/www.atd-quartmonde.fr\/produit\/ce-que-la-misere-nous-donne-a-repenser-avec-joseph-wresinski\/\" target=\"_blank\" rel=\"noopener noreferrer\">Ce que la mis\u00e8re donne \u00e0 repenser avec Joseph Wresinski<\/a> \u00bb, aux \u00c9ditions Hermann, voit rassembl\u00e9s pour une des premi\u00e8res fois et dans un m\u00eame volume les apports d\u2019une confrontation entre historien.ne.s, philosophes, sociologues, personnes en situation de pauvret\u00e9 et autres acteurs et actrices de terrain. Cette publication provoque de nombreuses invitations \u00e0 intervenir dans des colloques, ainsi que de nouveaux travaux universitaires.<\/p>\n<p>Plusieurs travaux d\u2019histoire veulent d\u00e9crire le basculement provoqu\u00e9 par l\u2019\u00e9mergence d\u2019un nouvel acteur politique, le Quart Monde, jusque l\u00e0 consid\u00e9r\u00e9 au mieux comme une population \u00e0 aider. Axelle Brodiez-Dolino, historienne du Centre National de la Recherche Scientifique (CNRS) se consacre ainsi \u00e0 \u00e9crire l\u2019histoire d\u2019ATD Quart Monde et de son influence politique \u00e0 contre courant, gr\u00e2ce \u00e0 sa capacit\u00e9 \u00e0 croiser les savoirs des plus d\u00e9munis et des autres acteurs de la soci\u00e9t\u00e9.<\/p>\n<p>L\u2019approche du <a href=\"https:\/\/www.atd-quartmonde.org\/nos-actions\/penser-agir-ensemble\/croisement-des-savoirs\/\" target=\"_blank\" rel=\"noopener noreferrer\">Croisement des Savoirs<\/a> avec les personnes en situation de pauvret\u00e9, affin\u00e9e depuis une vingtaine d\u2019ann\u00e9es, a \u00e9t\u00e9 choisie pour une <a href=\"https:\/\/www.atd-quartmonde.org\/sortie-du-rapport-recherche-les-dimensions-cachees-de-la-pauvrete\/\" target=\"_blank\" rel=\"noopener noreferrer\">recherche participative mondiale sur les dimensions cach\u00e9es de la pauvret\u00e9<\/a>.<\/p>\n<p>Les questions \u00e9thiques, m\u00e9thodologiques, et \u00e9pist\u00e9mologiques du croisement des savoirs \u00ae avec les personnes en situation d\u2019extr\u00eame pauvret\u00e9 continuent d\u2019\u00eatre approfondies pour cr\u00e9er des rep\u00e8res qui doivent inspirer les recherches participatives sur la pauvret\u00e9. Un espace collaboratif permanent pour le d\u00e9veloppement des recherches participatives en croisement des savoirs avec des personnes en situation de pauvret\u00e9 est en voie de construction gr\u00e2ce \u00e0 une convention sign\u00e9e entre ATD Quart Monde, le CNRS et le Conservatoire National des Arts et M\u00e9tiers (CNAM). Ces deux institutions, qui font autorit\u00e9 pour la science et l\u2019action en France, reconnaissent l\u2019urgence de cr\u00e9er les conditions pour la construction d\u2019un savoir qui soit cr\u00e9dible et utile \u00e0 tous, tant pour l\u2019avenir de la science que celui de la d\u00e9mocratie.<\/p>\n<p>N\u2019h\u00e9sitez donc pas \u00e0 prendre contact avec nous en nous rendant visite, ou en nous t\u00e9l\u00e9phonant au 00.33.(0)1.34.08.31.40, ou encore <a href=\"mailto:centre.wresinski@atd-quartmonde.org\">en envoyant un courriel<\/a><\/p>\n","protected":false},"excerpt":{"rendered":"<p>Ecrire l&rsquo;histoire du peuple du Quart Monde \u00ab Ici, je me sens chez moi \u00bb Pour \u00e9couter le reportage RFI (&#8230;) <a class=\"more-link\" href=\"https:\/\/www.joseph-wresinski.org\/fr\/centre-joseph-wresinski\/\">Lire la suite <span class=\"meta-nav\">&rarr;<\/span><\/a><\/p>\n","protected":false},"author":4,"featured_media":2079,"parent":0,"menu_order":0,"comment_status":"closed","ping_status":"closed","template":"","meta":{"_acf_changed":false,"ep_exclude_from_search":false,"footnotes":""},"class_list":["post-1113","page","type-page","status-publish","has-post-thumbnail","hentry"],"acf":[],"yoast_head":"<!-- This site is optimized with the Yoast SEO plugin v27.5 - https:\/\/yoast.com\/product\/yoast-seo-wordpress\/ -->\n<title>Centre de m\u00e9moire et de recherche Joseph Wresinski - Joseph Wresinski FR<\/title>\n<meta name=\"robots\" content=\"index, follow, max-snippet:-1, max-image-preview:large, max-video-preview:-1\" \/>\n<link rel=\"canonical\" href=\"https:\/\/www.joseph-wresinski.org\/fr\/centre-joseph-wresinski\/\" \/>\n<meta property=\"og:locale\" content=\"fr_FR\" \/>\n<meta property=\"og:type\" content=\"article\" \/>\n<meta property=\"og:title\" content=\"Centre de m\u00e9moire et de recherche Joseph Wresinski - Joseph Wresinski FR\" \/>\n<meta property=\"og:description\" content=\"Ecrire l&rsquo;histoire du peuple du Quart Monde \u00ab Ici, je me sens chez moi \u00bb Pour \u00e9couter le reportage RFI (...) Lire la suite &rarr;\" \/>\n<meta property=\"og:url\" content=\"https:\/\/www.joseph-wresinski.org\/fr\/centre-joseph-wresinski\/\" \/>\n<meta property=\"og:site_name\" content=\"Joseph Wresinski FR\" \/>\n<meta property=\"article:modified_time\" content=\"2020-10-08T07:20:39+00:00\" \/>\n<meta property=\"og:image\" content=\"https:\/\/www.joseph-wresinski.org\/fr\/wp-content\/uploads\/sites\/2\/2019\/07\/Bail-li3-1300x530.jpg\" \/>\n\t<meta property=\"og:image:width\" content=\"1300\" \/>\n\t<meta property=\"og:image:height\" content=\"530\" \/>\n\t<meta property=\"og:image:type\" content=\"image\/jpeg\" \/>\n<meta name=\"twitter:card\" content=\"summary_large_image\" \/>\n<meta name=\"twitter:label1\" content=\"Dur\u00e9e de lecture estim\u00e9e\" \/>\n\t<meta name=\"twitter:data1\" content=\"5 minutes\" \/>\n<script type=\"application\/ld+json\" class=\"yoast-schema-graph\">{\"@context\":\"https:\\\/\\\/schema.org\",\"@graph\":[{\"@type\":\"WebPage\",\"@id\":\"https:\\\/\\\/www.joseph-wresinski.org\\\/fr\\\/centre-joseph-wresinski\\\/\",\"url\":\"https:\\\/\\\/www.joseph-wresinski.org\\\/fr\\\/centre-joseph-wresinski\\\/\",\"name\":\"Centre de m\u00e9moire et de recherche Joseph Wresinski - Joseph Wresinski FR\",\"isPartOf\":{\"@id\":\"https:\\\/\\\/www.joseph-wresinski.org\\\/fr\\\/#website\"},\"primaryImageOfPage\":{\"@id\":\"https:\\\/\\\/www.joseph-wresinski.org\\\/fr\\\/centre-joseph-wresinski\\\/#primaryimage\"},\"image\":{\"@id\":\"https:\\\/\\\/www.joseph-wresinski.org\\\/fr\\\/centre-joseph-wresinski\\\/#primaryimage\"},\"thumbnailUrl\":\"https:\\\/\\\/www.joseph-wresinski.org\\\/fr\\\/wp-content\\\/uploads\\\/sites\\\/2\\\/2019\\\/07\\\/Bail-li3-1300x530.jpg\",\"datePublished\":\"2016-11-23T13:54:12+00:00\",\"dateModified\":\"2020-10-08T07:20:39+00:00\",\"breadcrumb\":{\"@id\":\"https:\\\/\\\/www.joseph-wresinski.org\\\/fr\\\/centre-joseph-wresinski\\\/#breadcrumb\"},\"inLanguage\":\"fr-FR\",\"potentialAction\":[{\"@type\":\"ReadAction\",\"target\":[\"https:\\\/\\\/www.joseph-wresinski.org\\\/fr\\\/centre-joseph-wresinski\\\/\"]}]},{\"@type\":\"ImageObject\",\"inLanguage\":\"fr-FR\",\"@id\":\"https:\\\/\\\/www.joseph-wresinski.org\\\/fr\\\/centre-joseph-wresinski\\\/#primaryimage\",\"url\":\"https:\\\/\\\/www.joseph-wresinski.org\\\/fr\\\/wp-content\\\/uploads\\\/sites\\\/2\\\/2019\\\/07\\\/Bail-li3-1300x530.jpg\",\"contentUrl\":\"https:\\\/\\\/www.joseph-wresinski.org\\\/fr\\\/wp-content\\\/uploads\\\/sites\\\/2\\\/2019\\\/07\\\/Bail-li3-1300x530.jpg\",\"width\":1300,\"height\":530},{\"@type\":\"BreadcrumbList\",\"@id\":\"https:\\\/\\\/www.joseph-wresinski.org\\\/fr\\\/centre-joseph-wresinski\\\/#breadcrumb\",\"itemListElement\":[{\"@type\":\"ListItem\",\"position\":1,\"name\":\"Accueil\",\"item\":\"https:\\\/\\\/www.joseph-wresinski.org\\\/fr\\\/\"},{\"@type\":\"ListItem\",\"position\":2,\"name\":\"Centre de m\u00e9moire et de recherche Joseph Wresinski\"}]},{\"@type\":\"WebSite\",\"@id\":\"https:\\\/\\\/www.joseph-wresinski.org\\\/fr\\\/#website\",\"url\":\"https:\\\/\\\/www.joseph-wresinski.org\\\/fr\\\/\",\"name\":\"Joseph Wresinski FR\",\"description\":\"Un site propos\u00e9 par le centre Joseph Wresinski\",\"potentialAction\":[{\"@type\":\"SearchAction\",\"target\":{\"@type\":\"EntryPoint\",\"urlTemplate\":\"https:\\\/\\\/www.joseph-wresinski.org\\\/fr\\\/?s={search_term_string}\"},\"query-input\":{\"@type\":\"PropertyValueSpecification\",\"valueRequired\":true,\"valueName\":\"search_term_string\"}}],\"inLanguage\":\"fr-FR\"}]}<\/script>\n<!-- \/ Yoast SEO plugin. -->","yoast_head_json":{"title":"Centre de m\u00e9moire et de recherche Joseph Wresinski - Joseph Wresinski FR","robots":{"index":"index","follow":"follow","max-snippet":"max-snippet:-1","max-image-preview":"max-image-preview:large","max-video-preview":"max-video-preview:-1"},"canonical":"https:\/\/www.joseph-wresinski.org\/fr\/centre-joseph-wresinski\/","og_locale":"fr_FR","og_type":"article","og_title":"Centre de m\u00e9moire et de recherche Joseph Wresinski - Joseph Wresinski FR","og_description":"Ecrire l&rsquo;histoire du peuple du Quart Monde \u00ab Ici, je me sens chez moi \u00bb Pour \u00e9couter le reportage RFI (...) Lire la suite &rarr;","og_url":"https:\/\/www.joseph-wresinski.org\/fr\/centre-joseph-wresinski\/","og_site_name":"Joseph Wresinski FR","article_modified_time":"2020-10-08T07:20:39+00:00","og_image":[{"width":1300,"height":530,"url":"https:\/\/www.joseph-wresinski.org\/fr\/wp-content\/uploads\/sites\/2\/2019\/07\/Bail-li3-1300x530.jpg","type":"image\/jpeg"}],"twitter_card":"summary_large_image","twitter_misc":{"Dur\u00e9e de lecture estim\u00e9e":"5 minutes"},"schema":{"@context":"https:\/\/schema.org","@graph":[{"@type":"WebPage","@id":"https:\/\/www.joseph-wresinski.org\/fr\/centre-joseph-wresinski\/","url":"https:\/\/www.joseph-wresinski.org\/fr\/centre-joseph-wresinski\/","name":"Centre de m\u00e9moire et de recherche Joseph Wresinski - Joseph Wresinski FR","isPartOf":{"@id":"https:\/\/www.joseph-wresinski.org\/fr\/#website"},"primaryImageOfPage":{"@id":"https:\/\/www.joseph-wresinski.org\/fr\/centre-joseph-wresinski\/#primaryimage"},"image":{"@id":"https:\/\/www.joseph-wresinski.org\/fr\/centre-joseph-wresinski\/#primaryimage"},"thumbnailUrl":"https:\/\/www.joseph-wresinski.org\/fr\/wp-content\/uploads\/sites\/2\/2019\/07\/Bail-li3-1300x530.jpg","datePublished":"2016-11-23T13:54:12+00:00","dateModified":"2020-10-08T07:20:39+00:00","breadcrumb":{"@id":"https:\/\/www.joseph-wresinski.org\/fr\/centre-joseph-wresinski\/#breadcrumb"},"inLanguage":"fr-FR","potentialAction":[{"@type":"ReadAction","target":["https:\/\/www.joseph-wresinski.org\/fr\/centre-joseph-wresinski\/"]}]},{"@type":"ImageObject","inLanguage":"fr-FR","@id":"https:\/\/www.joseph-wresinski.org\/fr\/centre-joseph-wresinski\/#primaryimage","url":"https:\/\/www.joseph-wresinski.org\/fr\/wp-content\/uploads\/sites\/2\/2019\/07\/Bail-li3-1300x530.jpg","contentUrl":"https:\/\/www.joseph-wresinski.org\/fr\/wp-content\/uploads\/sites\/2\/2019\/07\/Bail-li3-1300x530.jpg","width":1300,"height":530},{"@type":"BreadcrumbList","@id":"https:\/\/www.joseph-wresinski.org\/fr\/centre-joseph-wresinski\/#breadcrumb","itemListElement":[{"@type":"ListItem","position":1,"name":"Accueil","item":"https:\/\/www.joseph-wresinski.org\/fr\/"},{"@type":"ListItem","position":2,"name":"Centre de m\u00e9moire et de recherche Joseph Wresinski"}]},{"@type":"WebSite","@id":"https:\/\/www.joseph-wresinski.org\/fr\/#website","url":"https:\/\/www.joseph-wresinski.org\/fr\/","name":"Joseph Wresinski FR","description":"Un site propos\u00e9 par le centre Joseph Wresinski","potentialAction":[{"@type":"SearchAction","target":{"@type":"EntryPoint","urlTemplate":"https:\/\/www.joseph-wresinski.org\/fr\/?s={search_term_string}"},"query-input":{"@type":"PropertyValueSpecification","valueRequired":true,"valueName":"search_term_string"}}],"inLanguage":"fr-FR"}]}},"_links":{"self":[{"href":"https:\/\/www.joseph-wresinski.org\/fr\/wp-json\/wp\/v2\/pages\/1113","targetHints":{"allow":["GET"]}}],"collection":[{"href":"https:\/\/www.joseph-wresinski.org\/fr\/wp-json\/wp\/v2\/pages"}],"about":[{"href":"https:\/\/www.joseph-wresinski.org\/fr\/wp-json\/wp\/v2\/types\/page"}],"author":[{"embeddable":true,"href":"https:\/\/www.joseph-wresinski.org\/fr\/wp-json\/wp\/v2\/users\/4"}],"replies":[{"embeddable":true,"href":"https:\/\/www.joseph-wresinski.org\/fr\/wp-json\/wp\/v2\/comments?post=1113"}],"version-history":[{"count":26,"href":"https:\/\/www.joseph-wresinski.org\/fr\/wp-json\/wp\/v2\/pages\/1113\/revisions"}],"predecessor-version":[{"id":2286,"href":"https:\/\/www.joseph-wresinski.org\/fr\/wp-json\/wp\/v2\/pages\/1113\/revisions\/2286"}],"wp:featuredmedia":[{"embeddable":true,"href":"https:\/\/www.joseph-wresinski.org\/fr\/wp-json\/wp\/v2\/media\/2079"}],"wp:attachment":[{"href":"https:\/\/www.joseph-wresinski.org\/fr\/wp-json\/wp\/v2\/media?parent=1113"}],"curies":[{"name":"wp","href":"https:\/\/api.w.org\/{rel}","templated":true}]}}