{"id":604,"date":"2016-10-06T11:18:11","date_gmt":"2016-10-06T09:18:11","guid":{"rendered":"http:\/\/www.joseph-wresinski.org\/fr\/?page_id=604"},"modified":"2020-10-08T08:50:33","modified_gmt":"2020-10-08T06:50:33","slug":"biographie","status":"publish","type":"page","link":"https:\/\/www.joseph-wresinski.org\/fr\/biographie\/","title":{"rendered":"Biographie"},"content":{"rendered":"<p class=\"spip\">N\u00e9 d\u2019un p\u00e8re polonais et d\u2019une m\u00e8re espagnole, le 12 f\u00e9vrier 1917, l\u2019enfant Joseph Wresinski grandit dans un foyer tr\u00e8s pauvre \u00e0 Angers, France. Il est ordonn\u00e9 pr\u00eatre le 29 juin 1946, \u00e0 Soissons. Cur\u00e9 dans des paroisses ouvri\u00e8res et rurales, pendant dix ans, dans le d\u00e9partement de l\u2019Aisne, son \u00e9v\u00eaque lui propose en 1956 de rejoindre un camp de sans-logis, \u00e0 Noisy-le-Grand (r\u00e9gion parisienne).<\/p>\n<p class=\"spip\">Le 14 juillet 1956, il rejoint les 252 familles rassembl\u00e9es dans le camp des sans-logis. Il y \u00e9prouve un v\u00e9ritable choc. \u00ab\u00a0Ce jour-l\u00e0, je suis entr\u00e9 dans le malheur\u00a0\u00bb, \u00e9crira-t-il plus tard. D\u00e9sormais, il consacrera toute son \u00e9nergie \u00e0 faire reconna\u00eetre ce peuple en qu\u00eate de dignit\u00e9, un peuple avec une pens\u00e9e et une exp\u00e9rience uniques, indispensables \u00e0 la soci\u00e9t\u00e9.<\/p>\n<p class=\"spip\">\u00ab\u00a0J\u2019ai \u00e9t\u00e9 hant\u00e9 par l\u2019id\u00e9e que jamais ces familles ne sortiraient de la mis\u00e8re aussi longtemps qu\u2019elles ne seraient pas accueillies dans leur ensemble, en tant que peuple, l\u00e0 o\u00f9 d\u00e9battaient les autres hommes. Je me suis promis que si je restais, je ferais en sorte que ces familles puissent gravir les marches du Vatican, de l\u2019Elys\u00e9e, de l\u2019ONU&#8230;\u00a0\u00bb<\/p>\n<p class=\"spip\">A Noisy-le-Grand, il proposera aux familles de cr\u00e9er un jardin d\u2019enfants et une biblioth\u00e8que. \u00ab\u00a0Ce n\u2019est pas tellement de nourriture, de v\u00eatements qu\u2019avaient besoin tous ces gens, mais de dignit\u00e9, de ne plus d\u00e9pendre du bon vouloir des autres.\u00a0\u00bb Une chapelle, un atelier pour les jeunes et les adultes, une laverie, un salon d\u2019esth\u00e9tique pour les femmes vont \u00eatre r\u00e9alis\u00e9s peu \u00e0 peu.<\/p>\n<p class=\"spip\">Avec les familles vivant \u00e0 Noisy-le-Grand, le p\u00e8re Joseph Wresinski cr\u00e9era une association qui deviendra \u00ab\u00a0Aide \u00e0 Toute D\u00e9tresse\u00a0\u00bb (ATD). Une certitude anime le p\u00e8re Joseph Wresinski\u00a0: \u00ab\u00a0La mis\u00e8re est l\u2019oeuvre des hommes, seuls les hommes peuvent la d\u00e9truire.\u00a0\u00bb Des hommes et des femmes de tous horizons le rejoignent peu \u00e0 peu. Certains, venant de nombreux pays, choisissent d\u2019engager leur avenir avec les plus pauvres. Ainsi nait le volontariat permanent du Mouvement ATD Quart Monde.<\/p>\n<p class=\"spip\">Membre du Conseil \u00e9conomique et social de la R\u00e9publique fran\u00e7aise \u00e0 partir de 1979, le p\u00e8re Joseph Wresinski r\u00e9digera un Rapport aux r\u00e9percussions sociales et politiques importantes \u00e0 travers l\u2019Europe et dans le monde. Ce rapport intitul\u00e9 \u00ab\u00a0Grande pauvret\u00e9 et pr\u00e9carit\u00e9 \u00e9conomique et sociale\u00a0\u00bb est adopt\u00e9 le 11 f\u00e9vrier 1987.<\/p>\n<p class=\"spip\">Pour la premi\u00e8re fois, le peuple du Quart Monde s\u2019exprime officiellement par la voix de l\u2019un des siens. Le rapport reconna\u00eet la mis\u00e8re comme une violation des droits de l\u2019homme. Il est proclam\u00e9 qu\u2019il n\u2019est pas possible de supprimer la grande pauvret\u00e9 sans associer d\u2019embl\u00e9e les plus pauvres comme partenaires.<\/p>\n<p class=\"spip\">Quelques mois plus tard, le 17 octobre 1987, \u00e0 Paris, r\u00e9pondant \u00e0 l\u2019appel du p\u00e8re Joseph Wresinski, plus de 100 000 personnes expriment la n\u00e9cessit\u00e9 de s\u2019unir pour faire respecter les droits de l\u2019homme en se rassemblant autour du parvis du Trocad\u00e9ro \u00e0 Paris, \u00e0 l\u2019endroit o\u00f9 fut sign\u00e9e la D\u00e9claration Universelle des Droits de l\u2019Homme. A cette occasion, une <a class=\"spip_out\" href=\"http:\/\/refuserlamisere.org\/article\/dalle-du-trocadero\">dalle<\/a> affirmant que les plus pauvres sont les cr\u00e9ateurs d\u2019une humanit\u00e9 fraternelle, a \u00e9t\u00e9 grav\u00e9e. On peut y lire l\u2019appel du p\u00e8re Joseph\u00a0: \u00ab\u00a0L\u00e0 o\u00f9 des hommes sont condamn\u00e9s \u00e0 vivre dans la mis\u00e8re, les droits de l\u2019homme sont viol\u00e9s. S\u2019unir pour les faire respecter est un devoir sacr\u00e9\u00a0\u00bb.<\/p>\n<p class=\"spip\">Ce rassemblement a institu\u00e9 le 17 octobre, <a class=\"spip_out\" href=\"http:\/\/refuserlamisere.org\/#3\">Journ\u00e9e mondiale du refus de la mis\u00e8re<\/a>. Cette journ\u00e9e a \u00e9t\u00e9 reconnue officiellement par les Nations Unies le 22 d\u00e9cembre 1992.<\/p>\n<p class=\"spip\">Le 14 f\u00e9vrier 1988, le p\u00e8re Joseph Wresinski d\u00e9c\u00e8de. Il est inhum\u00e9 \u00e0 M\u00e9ry-sur-Oise (Val d\u2019Oise, France), o\u00f9 se trouve le centre international du Mouvement ATD Quart Monde. Son nom est d\u00e9sormais li\u00e9 \u00e0 la lib\u00e9ration des plus pauvres dont il a \u00e9t\u00e9 durant toute sa vie un authentique repr\u00e9sentant. Le Centre Joseph Wresinski de Baillet-en-France (Val d\u2019Oise, France) rassemble l\u2019ensemble de ses publications et \u00e9crits et contribue \u00e0 r\u00e9pandre son message \u00e0 travers le monde.<\/p>\n","protected":false},"excerpt":{"rendered":"<p>N\u00e9 d\u2019un p\u00e8re polonais et d\u2019une m\u00e8re espagnole, le 12 f\u00e9vrier 1917, l\u2019enfant Joseph Wresinski grandit dans un foyer tr\u00e8s (&#8230;) <a class=\"more-link\" href=\"https:\/\/www.joseph-wresinski.org\/fr\/biographie\/\">Lire la suite <span class=\"meta-nav\">&rarr;<\/span><\/a><\/p>\n","protected":false},"author":2,"featured_media":513,"parent":0,"menu_order":0,"comment_status":"closed","ping_status":"closed","template":"","meta":{"_acf_changed":false,"ep_exclude_from_search":false,"footnotes":""},"class_list":["post-604","page","type-page","status-publish","has-post-thumbnail","hentry"],"acf":[],"yoast_head":"<!-- This site is optimized with the Yoast SEO plugin v27.5 - https:\/\/yoast.com\/product\/yoast-seo-wordpress\/ -->\n<title>Biographie - Joseph Wresinski FR<\/title>\n<meta name=\"robots\" content=\"index, follow, max-snippet:-1, max-image-preview:large, max-video-preview:-1\" \/>\n<link rel=\"canonical\" href=\"https:\/\/www.joseph-wresinski.org\/fr\/biographie\/\" \/>\n<meta property=\"og:locale\" content=\"fr_FR\" \/>\n<meta property=\"og:type\" content=\"article\" \/>\n<meta property=\"og:title\" content=\"Biographie - Joseph Wresinski FR\" \/>\n<meta property=\"og:description\" content=\"N\u00e9 d\u2019un p\u00e8re polonais et d\u2019une m\u00e8re espagnole, le 12 f\u00e9vrier 1917, l\u2019enfant Joseph Wresinski grandit dans un foyer tr\u00e8s (...) Lire la suite &rarr;\" \/>\n<meta property=\"og:url\" content=\"https:\/\/www.joseph-wresinski.org\/fr\/biographie\/\" \/>\n<meta property=\"og:site_name\" content=\"Joseph Wresinski FR\" \/>\n<meta property=\"article:modified_time\" content=\"2020-10-08T06:50:33+00:00\" \/>\n<meta property=\"og:image\" content=\"https:\/\/www.joseph-wresinski.org\/fr\/wp-content\/uploads\/sites\/2\/2016\/08\/fond-contact.jpg\" \/>\n\t<meta property=\"og:image:width\" content=\"1600\" \/>\n\t<meta property=\"og:image:height\" content=\"697\" \/>\n\t<meta property=\"og:image:type\" content=\"image\/jpeg\" \/>\n<meta name=\"twitter:card\" content=\"summary_large_image\" \/>\n<meta name=\"twitter:label1\" content=\"Dur\u00e9e de lecture estim\u00e9e\" \/>\n\t<meta name=\"twitter:data1\" content=\"3 minutes\" \/>\n<script type=\"application\/ld+json\" class=\"yoast-schema-graph\">{\"@context\":\"https:\\\/\\\/schema.org\",\"@graph\":[{\"@type\":\"WebPage\",\"@id\":\"https:\\\/\\\/www.joseph-wresinski.org\\\/fr\\\/biographie\\\/\",\"url\":\"https:\\\/\\\/www.joseph-wresinski.org\\\/fr\\\/biographie\\\/\",\"name\":\"Biographie - Joseph Wresinski FR\",\"isPartOf\":{\"@id\":\"https:\\\/\\\/www.joseph-wresinski.org\\\/fr\\\/#website\"},\"primaryImageOfPage\":{\"@id\":\"https:\\\/\\\/www.joseph-wresinski.org\\\/fr\\\/biographie\\\/#primaryimage\"},\"image\":{\"@id\":\"https:\\\/\\\/www.joseph-wresinski.org\\\/fr\\\/biographie\\\/#primaryimage\"},\"thumbnailUrl\":\"https:\\\/\\\/www.joseph-wresinski.org\\\/fr\\\/wp-content\\\/uploads\\\/sites\\\/2\\\/2016\\\/08\\\/fond-contact.jpg\",\"datePublished\":\"2016-10-06T09:18:11+00:00\",\"dateModified\":\"2020-10-08T06:50:33+00:00\",\"breadcrumb\":{\"@id\":\"https:\\\/\\\/www.joseph-wresinski.org\\\/fr\\\/biographie\\\/#breadcrumb\"},\"inLanguage\":\"fr-FR\",\"potentialAction\":[{\"@type\":\"ReadAction\",\"target\":[\"https:\\\/\\\/www.joseph-wresinski.org\\\/fr\\\/biographie\\\/\"]}]},{\"@type\":\"ImageObject\",\"inLanguage\":\"fr-FR\",\"@id\":\"https:\\\/\\\/www.joseph-wresinski.org\\\/fr\\\/biographie\\\/#primaryimage\",\"url\":\"https:\\\/\\\/www.joseph-wresinski.org\\\/fr\\\/wp-content\\\/uploads\\\/sites\\\/2\\\/2016\\\/08\\\/fond-contact.jpg\",\"contentUrl\":\"https:\\\/\\\/www.joseph-wresinski.org\\\/fr\\\/wp-content\\\/uploads\\\/sites\\\/2\\\/2016\\\/08\\\/fond-contact.jpg\",\"width\":1600,\"height\":697},{\"@type\":\"BreadcrumbList\",\"@id\":\"https:\\\/\\\/www.joseph-wresinski.org\\\/fr\\\/biographie\\\/#breadcrumb\",\"itemListElement\":[{\"@type\":\"ListItem\",\"position\":1,\"name\":\"Accueil\",\"item\":\"https:\\\/\\\/www.joseph-wresinski.org\\\/fr\\\/\"},{\"@type\":\"ListItem\",\"position\":2,\"name\":\"Biographie\"}]},{\"@type\":\"WebSite\",\"@id\":\"https:\\\/\\\/www.joseph-wresinski.org\\\/fr\\\/#website\",\"url\":\"https:\\\/\\\/www.joseph-wresinski.org\\\/fr\\\/\",\"name\":\"Joseph Wresinski FR\",\"description\":\"Un site propos\u00e9 par le centre Joseph Wresinski\",\"potentialAction\":[{\"@type\":\"SearchAction\",\"target\":{\"@type\":\"EntryPoint\",\"urlTemplate\":\"https:\\\/\\\/www.joseph-wresinski.org\\\/fr\\\/?s={search_term_string}\"},\"query-input\":{\"@type\":\"PropertyValueSpecification\",\"valueRequired\":true,\"valueName\":\"search_term_string\"}}],\"inLanguage\":\"fr-FR\"}]}<\/script>\n<!-- \/ Yoast SEO plugin. -->","yoast_head_json":{"title":"Biographie - Joseph Wresinski FR","robots":{"index":"index","follow":"follow","max-snippet":"max-snippet:-1","max-image-preview":"max-image-preview:large","max-video-preview":"max-video-preview:-1"},"canonical":"https:\/\/www.joseph-wresinski.org\/fr\/biographie\/","og_locale":"fr_FR","og_type":"article","og_title":"Biographie - Joseph Wresinski FR","og_description":"N\u00e9 d\u2019un p\u00e8re polonais et d\u2019une m\u00e8re espagnole, le 12 f\u00e9vrier 1917, l\u2019enfant Joseph Wresinski grandit dans un foyer tr\u00e8s (...) Lire la suite &rarr;","og_url":"https:\/\/www.joseph-wresinski.org\/fr\/biographie\/","og_site_name":"Joseph Wresinski FR","article_modified_time":"2020-10-08T06:50:33+00:00","og_image":[{"width":1600,"height":697,"url":"https:\/\/www.joseph-wresinski.org\/fr\/wp-content\/uploads\/sites\/2\/2016\/08\/fond-contact.jpg","type":"image\/jpeg"}],"twitter_card":"summary_large_image","twitter_misc":{"Dur\u00e9e de lecture estim\u00e9e":"3 minutes"},"schema":{"@context":"https:\/\/schema.org","@graph":[{"@type":"WebPage","@id":"https:\/\/www.joseph-wresinski.org\/fr\/biographie\/","url":"https:\/\/www.joseph-wresinski.org\/fr\/biographie\/","name":"Biographie - Joseph Wresinski FR","isPartOf":{"@id":"https:\/\/www.joseph-wresinski.org\/fr\/#website"},"primaryImageOfPage":{"@id":"https:\/\/www.joseph-wresinski.org\/fr\/biographie\/#primaryimage"},"image":{"@id":"https:\/\/www.joseph-wresinski.org\/fr\/biographie\/#primaryimage"},"thumbnailUrl":"https:\/\/www.joseph-wresinski.org\/fr\/wp-content\/uploads\/sites\/2\/2016\/08\/fond-contact.jpg","datePublished":"2016-10-06T09:18:11+00:00","dateModified":"2020-10-08T06:50:33+00:00","breadcrumb":{"@id":"https:\/\/www.joseph-wresinski.org\/fr\/biographie\/#breadcrumb"},"inLanguage":"fr-FR","potentialAction":[{"@type":"ReadAction","target":["https:\/\/www.joseph-wresinski.org\/fr\/biographie\/"]}]},{"@type":"ImageObject","inLanguage":"fr-FR","@id":"https:\/\/www.joseph-wresinski.org\/fr\/biographie\/#primaryimage","url":"https:\/\/www.joseph-wresinski.org\/fr\/wp-content\/uploads\/sites\/2\/2016\/08\/fond-contact.jpg","contentUrl":"https:\/\/www.joseph-wresinski.org\/fr\/wp-content\/uploads\/sites\/2\/2016\/08\/fond-contact.jpg","width":1600,"height":697},{"@type":"BreadcrumbList","@id":"https:\/\/www.joseph-wresinski.org\/fr\/biographie\/#breadcrumb","itemListElement":[{"@type":"ListItem","position":1,"name":"Accueil","item":"https:\/\/www.joseph-wresinski.org\/fr\/"},{"@type":"ListItem","position":2,"name":"Biographie"}]},{"@type":"WebSite","@id":"https:\/\/www.joseph-wresinski.org\/fr\/#website","url":"https:\/\/www.joseph-wresinski.org\/fr\/","name":"Joseph Wresinski FR","description":"Un site propos\u00e9 par le centre Joseph Wresinski","potentialAction":[{"@type":"SearchAction","target":{"@type":"EntryPoint","urlTemplate":"https:\/\/www.joseph-wresinski.org\/fr\/?s={search_term_string}"},"query-input":{"@type":"PropertyValueSpecification","valueRequired":true,"valueName":"search_term_string"}}],"inLanguage":"fr-FR"}]}},"_links":{"self":[{"href":"https:\/\/www.joseph-wresinski.org\/fr\/wp-json\/wp\/v2\/pages\/604","targetHints":{"allow":["GET"]}}],"collection":[{"href":"https:\/\/www.joseph-wresinski.org\/fr\/wp-json\/wp\/v2\/pages"}],"about":[{"href":"https:\/\/www.joseph-wresinski.org\/fr\/wp-json\/wp\/v2\/types\/page"}],"author":[{"embeddable":true,"href":"https:\/\/www.joseph-wresinski.org\/fr\/wp-json\/wp\/v2\/users\/2"}],"replies":[{"embeddable":true,"href":"https:\/\/www.joseph-wresinski.org\/fr\/wp-json\/wp\/v2\/comments?post=604"}],"version-history":[{"count":4,"href":"https:\/\/www.joseph-wresinski.org\/fr\/wp-json\/wp\/v2\/pages\/604\/revisions"}],"predecessor-version":[{"id":610,"href":"https:\/\/www.joseph-wresinski.org\/fr\/wp-json\/wp\/v2\/pages\/604\/revisions\/610"}],"wp:featuredmedia":[{"embeddable":true,"href":"https:\/\/www.joseph-wresinski.org\/fr\/wp-json\/wp\/v2\/media\/513"}],"wp:attachment":[{"href":"https:\/\/www.joseph-wresinski.org\/fr\/wp-json\/wp\/v2\/media?parent=604"}],"curies":[{"name":"wp","href":"https:\/\/api.w.org\/{rel}","templated":true}]}}